{"id":102,"date":"2023-04-26T11:39:16","date_gmt":"2023-04-26T09:39:16","guid":{"rendered":"https:\/\/www.tv2000.it\/agrinet4edu\/?page_id=102"},"modified":"2024-07-26T18:11:23","modified_gmt":"2024-07-26T16:11:23","slug":"le-puntate","status":"publish","type":"page","link":"https:\/\/www.tv2000.it\/agrinet4edu\/le-puntate\/","title":{"rendered":"Le puntate"},"content":{"rendered":"<p><strong>Le 10 puntate della stagione 2024<\/strong><\/p>\n<p>&nbsp;<br \/>\n<strong>1. Sabato 1 giugno ore 17.30 su TV2000: <a href=\"https:\/\/www.tv2000.it\/agrinet4edu\/romagna-lalluvione-un-anno-dopo\/\">\u201cRomagna, l\u2019alluvione un anno dopo\u201d<\/a><\/strong><br \/>\nTema chiave \u201cCambiamenti climatici\u201d ad un anno esatto dall\u2019alluvione per ricordare il drammatico evento e gli effetti che ha provocato, cercando di indagare come gli agricoltori fronteggiano e cercano di mitigare il cambiamento climatico. Incontriamo i giovani faentini Alessandro Bacchilega e Martina Farolfi, che hanno subito danni a causa dell\u2019esondazione del fiume Lamone e che per giorni non sono potuti entrare in campo per prendersi cura degli impianti di kiwi e olive; poi ci spostiamo a Cesena, vicino al fiume Savio, dove un ancora emozionato Gianluca Zoffoli, ci mostra i gravi danni che hanno provocato irrimediabilmente danni al suo raccolto di kiwi, ma ci racconta anche dei gesti di solidariet\u00e0 che hanno aiutato la sua lenta ripresa. La frutta per la Romagna \u00e8 una delle produzioni pi\u00f9 importanti dell\u2019area e i cambiamenti climatici stanno mettendo a dura prova gli agricoltori, tanto da dover prendere decisioni drastiche anche per il futuro.<\/p>\n<p><strong>2. Sabato 8 giugno ore 17.30 su TV2000: <a href=\"https:\/\/www.tv2000.it\/agrinet4edu\/arborea-lisola-felice-del-latte\/\">\u201cArborea: l\u2019isola felice del latte\u201d<\/a><\/strong><br \/>\nTema chiave: \u201cProteggere la qualit\u00e0 dell\u2019alimentazione e della salute\u201d &#8211; Ad Arborea, in Sardegna, per raccontare la filiera del latte della cooperativa locale che porta avanti una politica molto attenta lungo tutta la filiera alimentare: dal controllo del benessere animale fino alla tracciabilit\u00e0 nella produzione di yogurt e formaggi, con una serie di alti standard certificati che fanno dell\u2019azienda un leader nazionale per la sostenibilit\u00e0 e la qualit\u00e0 dei prodotti offerti sul mercato. La cooperativa aggrega allevatori da tutta l\u2019isola, ma il loro latte arriva in tutta Italia. La puntata si chiude con un servizio curato da Tele Radio Pace e realizzato presso gli Istituti paritari San Benedetto e Istituto Gianelli di Rapallo.<\/p>\n<p><strong>3. Sabato 15 giugno ore 17.30 su TV2000: <a href=\"https:\/\/www.tv2000.it\/agrinet4edu\/pianura-padana-tra-emilia-e-veneto-la-barbabietola-da-zucchero-una-storia-di-resistenza\/\" target=\"_blank\" rel=\"noopener\">\u201cPianura Padana tra Emilia e Veneto: la barbabietola da zucchero, una storia di resistenza\u201d<\/a><\/strong><br \/>\nTema chiave: \u201cGarantire un reddito equo per gli agricoltori\u201d \u2013 Ci muoviamo tra Minerbio e Pontelongo dove una volta gli zuccherifici erano tantissimi ed oggi ne sono rimasti solo alcuni: scopriamo allora la storia di questa tradizionale coltivazione della Pianura Padana, che ha rischiato di scomparire del tutto, ma che oggi resta in una sola filiera nazionale, quella della barbabietola italiana raccolta e trasformata dall\u2019ultima cooperativa di produttori bieticoli rimasti tra l\u2019Emilia e il Veneto e che permette la sopravvivenza di tanti piccoli soci conferitori. La puntata si chiude con un servizio curato da Tele Liguria Sud e realizzato presso la Scuola Primaria M. Caranza di Varese Ligure.<\/p>\n<p><strong>4. Sabato 22 giugno ore 17.30 su TV2000: <a href=\"https:\/\/www.tv2000.it\/agrinet4edu\/costa-dei-gelsomini-dal-mito-di-persefone-alla-generazione-delle-giovani-imprenditrici\/\">\u201cCosta dei Gelsomini: dal mito di Persefone alla generazione delle giovani imprenditrici\u201d<\/a><\/strong><br \/>\nTema chiave: \u201cSostenere il ricambio generazionale\u201d \u2013 tra le splendide rovine di Locri Epizefiri e immersi nella meravigliosa Costa dei Gelsomini, in Calabria, scopriamo una storia tutta al femminile con 3 giovani vulcaniche imprenditrici che coltivano bergamotto e altri agrumi portando avanti in maniera innovativa le aziende di famiglia, con un occhio attento all\u2019innovazione tecnologica, alla scoperta di nuovi prodotti da proporre sul mercato a fianco del classico agrume fresco, fino alla coltivazione anche di uve locali per realizzare un sogno, quello di portare la Calabria e la sua imprenditoria giovanile come bandiera di una agricoltura sostenibile fuori dai confini regionali. La puntata si chiude con un servizio curato da TeleDehon presso l\u2019Istituto scolastico comprensivo Jannuzzi-Di Donna di Andria.<\/p>\n<p><strong>5. Sabato 29 giugno ore 17.30 su TV2000: <a href=\"https:\/\/www.tv2000.it\/agrinet4edu\/franciacorta-leconomia-circolare-dalla-stalla-alla-tavola\/\">\u201cFranciacorta: l\u2019economia circolare dalla stalla alla tavola\u201d<\/a><\/strong><br \/>\nTema chiave: \u201cGestione efficiente delle risorse naturali\u201d \u2013 analizziamo con attenzione uno dei temi pi\u00f9 caldi del settore agricolo e zootecnico, quello dell\u2019allevamento bovino e dei suoi delicati effetti sull\u2019ambiente: nella bella zona della Franciacorta, famosa per i suoi vini, raccontiamo la storia di una piccola azienda zootecnica che produce latte per la produzione di Grana Padano DOP, adottando una politica aziendale tutta incentrata sull\u2019energia green capace di generare economia circolare: qui, grazie ad un impianto di biogas, si produce energia termica ed elettrica, un fertilizzante per i campi fino ad un sottoprodotto per la lettiera delle vacche (cosiddetto green bedding), il tutto per ridurre la produzione di azoto e CO2 grazie al riuso dei reflui zootecnici in modo innovativo, sostenibile ed economicamente remunerativo. La puntata si chiude con un servizio curato da TeleBelluno presso la Scuola primaria Villa di Villa dell\u2019Istituto comprensivo Mel Marco da Melo &#8211; Lentiai e Villapiana in Veneto.<\/p>\n<p><strong>6. Sabato 6 luglio ore 17.30 su TV2000: <a href=\"https:\/\/www.tv2000.it\/agrinet4edu\/vallesina-lagricoltura-biologica-che-si-fa-sociale\/\">\u201cVallesina: l\u2019agricoltura biologica che si fa sociale\u201d<\/a><\/strong><br \/>\nTema chiave: \u201cAumentare la competitivit\u00e0\u201d \u2013 uno dei problemi che affrontano gli agricoltori moderni \u00e8 quello di resistere alla concorrenza esterna, dettata da sempre pi\u00f9 fattori, come i costi di produzione o le necessit\u00e0 di tutelare l\u2019ambiente. Una risposta in tal senso \u00e8 la scelta di essere multifunzionali, ovvero offrire una serie di servizi che vanno oltre la semplice attivit\u00e0 agricola : \u00e8 il caso della marchigiana Vallesina Bio, azienda agricola biologica che ha saputo integrare processi di trasformazione per la vendita diretta, ma soprattutto ha scelto di adottare azioni innovative ad alto valore sociale, col preciso scopo di favorire territorio e comunit\u00e0, creando benefici grazie all\u2019attivazione anche di progetti socioeducativi legati al mondo agricolo. La puntata si chiude con un servizio curato da TSTV Benevento realizzato presso L\u2019istituto Paritario De La Salle di Benevento.<\/p>\n<p><strong>7. Sabato 13 luglio ore 17.30 su TV2000: <a href=\"https:\/\/www.tv2000.it\/agrinet4edu\/lucania-lagricoltore-custode-una-storia-di-passione-per-la-terra\/\">\u201cLucania: l\u2019agricoltore custode, una storia di passione per la terra\u201d<\/a><\/strong><br \/>\nTema chiave: \u201cMigliorare la posizione degli agricoltori nella catena del valore\u201d \u2013 questo delicato tema ci porta nella bellissima terra lucana ad incontrare un giovane agricoltore che per rendere la propria attivit\u00e0 efficiente e remunerativa ha deciso di dare vita ad una filiera corta e controllata nel settore cerealicolo: nella sua azienda immersa in un paesaggio incontaminato coltiva grani antichi che poi trasforma in farine, taralli e pasta. Il suo \u00e8 un ruolo strategico, perch\u00e9 \u00e8 anche custode di antiche variet\u00e0 che andrebbero diversamente perse per sempre, andando a minare la ricca biodiversit\u00e0 della sua terra. Tutto ci\u00f2 \u00e8 un modo per farsi apprezzare ulteriormente da un consumatore sempre pi\u00f9 attento a quel che acquista e consuma. La puntata si chiude con un servizio curato da TV Libera Pistoia realizzato presso la Scuola Primaria Bonelle &#8211; Istituto comprensivo Statele Raffaello di Pistoia.<\/p>\n<p><strong>8. Sabato 20 luglio ore 17.30 su TV2000: <a href=\"https:\/\/www.tv2000.it\/agrinet4edu\/val-di-rabbi-lantico-maso-tra-agricoltura-e-tradizioni-di-montagna\/\">\u201cVal di Rabbi: l\u2019antico maso tra agricoltura e tradizioni di montagna\u201d<\/a><\/strong><br \/>\nTema chiave: \u201cSalvaguardare il paesaggio e la biodiversit\u00e0\u201d \u2013 immersi in un paesaggio montano, nella piccola localit\u00e0 di Pracorno, in Trentino, andiamo a conoscere una famiglia che porta avanti un\u2019azienda agrituristica che alleva bovine al pascolo e trasforma direttamente i prodotti derivati dal latte direttamente in azienda, con tecniche artigianali rispettose delle tradizioni locali. Il suo impegno gli ha valso anche il prestigioso riconoscimento nazionale \u201cBandiera Verde\u201d assegnato a chi si distingue per l\u2019opera di valorizzazione del territorio, della cultura, delle tradizioni e dei sapori della terra locale. La puntata si chiude con un servizio curato da Tele Radio Pace realizzato presso la Scuola Primaria paritaria Santa Marta di Chiavari.<\/p>\n<p><strong>9. Sabato 27 luglio ore 17.30 su TV2000: <a href=\"https:\/\/www.tv2000.it\/agrinet4edu\/parco-della-lessinia-il-richiamo-degli-alti-pascoli\/\">\u201cParco della Lessinia: il richiamo degli alti pascoli\u201d<\/a><\/strong><br \/>\nTema chiave: \u201cSviluppare aree rurali dinamiche\u201d \u2013 sempre di pi\u00f9 le aree montane e rurali lontane dai centri abitati tendono a spopolarsi soprattutto da parte dei giovani, in cerca di occasioni di lavoro pi\u00f9 remunerative e di comunit\u00e0 sociali pi\u00f9 vive, per questo uno dei temi chiave della politica agricola comunitaria \u00e8 quello di contrastare l\u2019abbandono della terra anche attraverso aiuti economici. Andiamo allora nel Parco della Lessinia, in Veneto, per raccontare la storia di alcuni giovani allevatori che conducono piccole aziende agri-turistiche in malga per la produzione di latte e formaggi seguendo i ritmi della natura. La puntata si chiude con un Servizio a cura di TeleBelluno realizzato presso la Scuola primaria di Vodo-Borca di Cadore.<\/p>\n<p><strong>10. Sabato 3 agosto ore 17.30 su TV2000: <a href=\"https:\/\/www.tv2000.it\/agrinet4edu\/?p=1089\">\u201cColli Euganei: api e tecnologia, una unione perfetta al servizio della biodiversit\u00e0\u201d<\/a><\/strong><br \/>\nTema chiave: \u201cPromuovere la conoscenza, l\u2019innovazione e la digitalizzazione\u201d \u2013 l\u2019innovazione tecnologica, la formazione e la ricerca sono oggi sempre di pi\u00f9 oggetto di attenzione da parte della moderna agricoltura, irrinunciabili fattori di crescita in un panorama economico e ambientale sempre pi\u00f9 complesso. Per questo scopriamo la storia di Beeing, un\u2019azienda innovativa che promuove l\u2019apicoltura sotto vari punti di vista: per diffondere le costruzioni di apiari urbani e nelle aziende al fine di monitorare la qualit\u00e0 dell\u2019impollinazione, la resa dei raccolti e la qualit\u00e0 dell\u2019aria. Il viaggio ci porta insieme in Veneto ad incontrare una azienda che produce basilico e trasformati, ma che soprattutto ha adottato la costruzione di apiari in azienda per rispondere alle crescenti esigenze legate alla sostenibilit\u00e0. La puntata si chiude con un servizio a cura di TeleDehon realizzato presso l\u2019Istituto Comprensivo Don Bosco &#8211; Scuola primaria A.Ciancia di Francavilla in Sinni in provincia di Potenza.<\/p>\n<p>&nbsp;<\/p>\n<p><strong>STAGIONE 2023<\/strong><\/p>\n<p>PUNTATA 1 \u2013 <strong>20 maggio 2023<\/strong> <a href=\"https:\/\/www.tv2000.it\/agrinet4edu\/dalla-magna-grecia-lucana-una-storia-di-rinnovo-generazionale\/\" target=\"_blank\" rel=\"noopener\">Dalla Magna Grecia Lucana una storia di rinnovo generazionale<\/a><\/p>\n<p>PUNTATA 2 \u2013 <strong>27 maggio 2023<\/strong> <a href=\"https:\/\/www.tv2000.it\/agrinet4edu\/dalla-citta-metropolitana-di-milano-la-filiera-agroalimentare-che-avvicina-il-consumatore\/\" target=\"_blank\" rel=\"noopener\">Dalla citt\u00e0 metropolitana di Milano la filiera agroalimentare che avvicina il consumatore<\/a><\/p>\n<p>PUNTATA 3 \u2013 <strong>3 giugno 2023&nbsp;<\/strong> <a href=\"https:\/\/www.tv2000.it\/agrinet4edu\/tra-i-calanchi-del-materano-la-sicurezza-alimentare-dal-campo-alla-tavola\/\" target=\"_blank\" rel=\"noopener\">Tra i calanchi del materano, la sicurezza alimentare dal campo alla tavola<\/a><\/p>\n<p>PUNTATA 4 \u2013 <strong>10 giugno<\/strong> <a href=\"https:\/\/www.tv2000.it\/agrinet4edu\/la-biodiversita-nel-parco-nazionale-del-cilento-vallo-di-diano-e-alburni-10-6-23\/\">La biodiversit\u00e0 nel Parco nazionale del Cilento, Vallo di Diano e Alburni<\/a><\/p>\n<p>PUNTATA 5 \u2013 <strong>17 giugno<\/strong> <a href=\"https:\/\/www.tv2000.it\/agrinet4edu\/lagricoltura-conservativa-nelle-terre-del-conegliano-valdobbiadene\/\">L\u2019agricoltura conservativa nelle terre del Conegliano Valdobbiadene<\/a><\/p>\n<p>PUNTATA 6 \u2013 <strong>24 giugno<\/strong> <a href=\"https:\/\/www.tv2000.it\/agrinet4edu\/dal-parco-delle-5-terre-storie-di-agricoltura-eroica\/\" target=\"_blank\" rel=\"noopener\">Dal Parco delle 5 Terre storie di agricoltura eroica<\/a><\/p>\n<p>PUNTATA 7 &#8211; <strong>1 luglio<\/strong> <a href=\"https:\/\/www.tv2000.it\/agrinet4edu\/dalla-terra-del-riso-in-piemonte-una-storia-di-innovazione-per-traghettarsi-verso-il-futuro\/\" target=\"_blank\" rel=\"noopener\">Dalla terra del riso in Piemonte, una storia di innovazione per traghettarsi verso il futuro<\/a><\/p>\n<p>PUNTATA 8 \u2013 <strong>8 luglio<\/strong> <a href=\"https:\/\/www.tv2000.it\/agrinet4edu\/dallappennino-emiliano-storie-di-economie-virtuose-per-rivitalizzare-borghi-in-declino\/\" target=\"_blank\" rel=\"noopener\">Dall\u2019appennino emiliano storie di economie virtuose per rivitalizzare borghi in declino<\/a><\/p>\n<p>PUNTATA 9 \u2013 <strong>15 luglio<\/strong> <a href=\"https:\/\/www.tv2000.it\/agrinet4edu\/dalla-val-comelico-in-equilibrio-con-i-ritmi-della-natura-per-custodire-e-tutelare-le-risorse-del-territorio\/\" target=\"_blank\" rel=\"noopener\">Dalla Val Comelico, in equilibrio con i ritmi della natura per custodire e tutelare le risorse del territorio<\/a><\/p>\n<p>&nbsp;<\/p>\n","protected":false},"excerpt":{"rendered":"Le 10 puntate della stagione 2024 &nbsp; 1. Sabato 1 giugno ore 17.30 su TV2000: \u201cRomagna, l\u2019alluvione un anno dopo\u201d Tema chiave \u201cCambiamenti climatici\u201d ad un anno esatto dall\u2019alluvione per ricordare il drammatico evento e gli effetti che ha provocato, cercando di indagare come gli agricoltori fronteggiano e cercano di mitigare il cambiamento climatico. Incontriamo [&hellip;]","protected":false},"author":9,"featured_media":0,"parent":0,"menu_order":0,"comment_status":"closed","ping_status":"closed","template":"","meta":{"_acf_changed":false,"footnotes":""},"class_list":["post-102","page","type-page","status-publish","hentry"],"acf":[],"aioseo_notices":[],"_links":{"self":[{"href":"https:\/\/www.tv2000.it\/agrinet4edu\/wp-json\/wp\/v2\/pages\/102","targetHints":{"allow":["GET"]}}],"collection":[{"href":"https:\/\/www.tv2000.it\/agrinet4edu\/wp-json\/wp\/v2\/pages"}],"about":[{"href":"https:\/\/www.tv2000.it\/agrinet4edu\/wp-json\/wp\/v2\/types\/page"}],"author":[{"embeddable":true,"href":"https:\/\/www.tv2000.it\/agrinet4edu\/wp-json\/wp\/v2\/users\/9"}],"replies":[{"embeddable":true,"href":"https:\/\/www.tv2000.it\/agrinet4edu\/wp-json\/wp\/v2\/comments?post=102"}],"version-history":[{"count":26,"href":"https:\/\/www.tv2000.it\/agrinet4edu\/wp-json\/wp\/v2\/pages\/102\/revisions"}],"predecessor-version":[{"id":1092,"href":"https:\/\/www.tv2000.it\/agrinet4edu\/wp-json\/wp\/v2\/pages\/102\/revisions\/1092"}],"wp:attachment":[{"href":"https:\/\/www.tv2000.it\/agrinet4edu\/wp-json\/wp\/v2\/media?parent=102"}],"curies":[{"name":"wp","href":"https:\/\/api.w.org\/{rel}","templated":true}]}}