{"id":32,"date":"2021-11-23T15:08:21","date_gmt":"2021-11-23T14:08:21","guid":{"rendered":"http:\/\/www.tv2000.it\/canonico\/?page_id=32"},"modified":"2025-10-29T17:34:09","modified_gmt":"2025-10-29T16:34:09","slug":"i-personaggi","status":"publish","type":"page","link":"https:\/\/www.tv2000.it\/canonico\/i-personaggi\/","title":{"rendered":"I personaggi"},"content":{"rendered":"<h2><strong>I personaggi della stagione 3<\/strong><\/h2>\n<p><strong>Suor Betta (Debora Villa)<\/strong><\/p>\n<p><img decoding=\"async\" class=\"alignright wp-image-4473\" src=\"https:\/\/www.tv2000.it\/canonico\/wp-content\/uploads\/sites\/70\/2025\/10\/Debora-Villa_canonico-727x1024.png\" alt=\"\" width=\"320\" height=\"450\" srcset=\"https:\/\/www.tv2000.it\/canonico\/wp-content\/uploads\/sites\/70\/2025\/10\/Debora-Villa_canonico-727x1024.png 727w, https:\/\/www.tv2000.it\/canonico\/wp-content\/uploads\/sites\/70\/2025\/10\/Debora-Villa_canonico-213x300.png 213w, https:\/\/www.tv2000.it\/canonico\/wp-content\/uploads\/sites\/70\/2025\/10\/Debora-Villa_canonico-768x1081.png 768w, https:\/\/www.tv2000.it\/canonico\/wp-content\/uploads\/sites\/70\/2025\/10\/Debora-Villa_canonico-19x27.png 19w, https:\/\/www.tv2000.it\/canonico\/wp-content\/uploads\/sites\/70\/2025\/10\/Debora-Villa_canonico-280x394.png 280w, https:\/\/www.tv2000.it\/canonico\/wp-content\/uploads\/sites\/70\/2025\/10\/Debora-Villa_canonico-650x915.png 650w, https:\/\/www.tv2000.it\/canonico\/wp-content\/uploads\/sites\/70\/2025\/10\/Debora-Villa_canonico.png 946w\" sizes=\"(max-width: 320px) 100vw, 320px\" \/>Suor Betta \u00e8 una vecchia conoscenza del Vescovo Valeri, che la invita a Rocca Spera in una fase molto delicata per la comunit\u00e0 tutta.<\/p>\n<p>E\u2019 una suora energica, volitiva, intraprendente \u2026 tanto da diventare, a volte, invadente! Ha lavorato in ambienti difficili e lei stessa proviene da un contesto complesso e questo le permette di muoversi con agilit\u00e0 nelle avventure che scombussolano le vite degli abitanti di Rocca Spera, cominciando da quelle dei nostri protagonisti. \u00c8 una donna dalla grande spiritualit\u00e0, capace di entrare in sintonia profonda con gli altri \u2014 anche con chi, inizialmente, prova a sfuggirle e questo la far\u00e0 entrare subito nei cuori di tutti \u2026 o quasi: Don Michele, infatti, non sembra apprezzare tanto la sua presenza, n\u00e9 i suoi modi. I due si scontrano pi\u00f9 volte su piccole e grandi questioni. Troveranno il modo di capirsi e andare d\u2019accordo?<\/p>\n<p>Qui a Rocca Spera Suor Betta conosce subito Giulio e Antonio. Dall\u2019accento sembra che i due vengano dalle sue parti, ma la suora non \u00e8 per niente a suo agio con Giulio e anzi lo guarda da subito con grande diffidenza.<\/p>\n<p>&nbsp;<\/p>\n<p><strong>Malak (Cristiana Capolino)<\/strong><\/p>\n<p>Una ragazza misteriosa sviene tra le braccia di Angela sulla soglia della canonica. E\u2019 Malak, dice essersi ferita mentre era in viaggio lungo la Francigena. Dice anche di avere origini sinti, di non avere pi\u00f9 i genitori e si rifiuta di andare in ospedale. Don Michele si offre di ospitarla, in cambio lei dar\u00e0 una mano in canonica. Angela, per\u00f2, non sembra fidarsi delle parole della ragazza e fruga tra le sue cose. Scopre che Malak \u00e8 minorenne, ha precedenti penali \u2026 insomma, sembra avere una storia simile alla sua. La perpetua decide allora di coprirla, la aiuteranno; la ragazza comincia cos\u00ec ad ambientarsi, anche a farsi nuove amicizie. C\u2019\u00e8 Livia, la caposcout di Rocca Spera, e anche Antonio, il figlio di Giulio, anche se all\u2019inizio il loro rapporto sembra tutt\u2019altro che fragile. Malak \u00e8 sfuggente e fa fatica a fidarsi degli altri, sembra sempre nascondere qualcosa \u2026<\/p>\n<p>&nbsp;<\/p>\n<p><strong>Giulio Villa (Alessandro Quattro)<\/strong><\/p>\n<p>Arrivato a Rocca Spera con suo figlio Antonio, su consiglio di Armando, Giulio ci appare fin da subito come un uomo tormentato. E\u2019 spesso aggressivo con suo figlio, sembra avere problemi con l\u2019alcool e anche il centro funzionale che ha appena aperto in paese non sembra quello che dovrebbe essere.<\/p>\n<p>Eppure, nonostante le difficolt\u00e0, Giulio sembra sforzarsi di familiarizzare con gli abitanti di Rocca Spera, cominciando da Don Michele, da Angela, da Bruno. C\u2019\u00e8 solo una persona a cui proprio non sembra stare simpatico ed \u00e8 Suor Betta.<\/p>\n<p>La suora sembra tenerlo d\u2019occhio e anzi mette in guardia anche Armando: il suo amico fa cose losche in quel negozio. E infatti Giulio chiede al sindaco di consertirgli di mettere delle slot nel suo negozio, per ingranare un po\u2019 nei primi tempi.<\/p>\n<p>Armando si rifiuta, ma con il passare del tempo le richieste di Giulio diventeranno sempre pi\u00f9 pressanti\u2026<\/p>\n<p><strong>&nbsp;<\/strong><\/p>\n<p><strong>Antonio Villa (Lorenzo Cinosi)<\/strong><\/p>\n<p>E\u2019 un ragazzo buono, molto affezionato a suo padre Giulio, con il quale si \u00e8 appena trasferito a Rocca Spera; ma di questo padre problematico Antonio sembra anche un po\u2019 succube. Con gli altri, invece, ha spesso dei modi un po\u2019 da bullo, da sbruffone; attira cos\u00ec le antipatie di Malak &#8211; per cui il ragazzo ha un debole. Anche Suor Betta nota subito l\u2019atteggiamento di Antonio e lo redarguisce davanti a tutto il paese; ma la suora ha visto dietro la maschera da bullo la sofferenza del ragazzo e cercher\u00e0 di sottrarlo all&#8217;influenza nociva del padre.<\/p>\n<p><strong>&nbsp;<\/strong><\/p>\n<p><strong>Livia (Angelica Accarino)<\/strong><\/p>\n<p>E\u2019 la nipote di Bante, uno degli abitanti di Rocca Spera incontrati nelle precedenti stagioni. E\u2019 anche la nuova capo scout; \u00e8 una ragazza timida, non ha amici e non sembra felice. Trover\u00e0 in Malak un\u2019amica, ma il rapporto tra le due conoscer\u00e0 anche momenti di grande difficolt\u00e0. Livia, infatti, \u00e8 molto affascinata da Antonio, il nuovo arrivato in paese, ma il ragazzo non sembra avere occhi che per Malak.<\/p>\n<p>&nbsp;<\/p>\n<h2><strong>Tutti i personaggi&nbsp;<\/strong><\/h2>\n<p><strong>Don Michele (Michele La Ginestra)<\/strong><\/p>\n<p><img decoding=\"async\" class=\"alignleft size-medium wp-image-4369\" src=\"https:\/\/www.tv2000.it\/canonico\/wp-content\/uploads\/sites\/70\/2025\/10\/Canonico177-200x300.jpg\" alt=\"\" width=\"200\" height=\"300\" srcset=\"https:\/\/www.tv2000.it\/canonico\/wp-content\/uploads\/sites\/70\/2025\/10\/Canonico177-200x300.jpg 200w, https:\/\/www.tv2000.it\/canonico\/wp-content\/uploads\/sites\/70\/2025\/10\/Canonico177-682x1024.jpg 682w, https:\/\/www.tv2000.it\/canonico\/wp-content\/uploads\/sites\/70\/2025\/10\/Canonico177-768x1153.jpg 768w, https:\/\/www.tv2000.it\/canonico\/wp-content\/uploads\/sites\/70\/2025\/10\/Canonico177-1023x1536.jpg 1023w, https:\/\/www.tv2000.it\/canonico\/wp-content\/uploads\/sites\/70\/2025\/10\/Canonico177-18x27.jpg 18w, https:\/\/www.tv2000.it\/canonico\/wp-content\/uploads\/sites\/70\/2025\/10\/Canonico177-280x420.jpg 280w, https:\/\/www.tv2000.it\/canonico\/wp-content\/uploads\/sites\/70\/2025\/10\/Canonico177-650x976.jpg 650w, https:\/\/www.tv2000.it\/canonico\/wp-content\/uploads\/sites\/70\/2025\/10\/Canonico177.jpg 1332w\" sizes=\"(max-width: 200px) 100vw, 200px\" \/>Ormai conosciamo bene il nostro Don Michele: abbiamo visto quanto sia bravo a guidare il suo gregge attraverso mille difficolt\u00e0, quanto sia capace di mettersi in ascolto del prossimo e di accogliere le debolezze di chi gli sta accanto, sempre pronto a tendergli una mano a chi \u00e8 in difficolt\u00e0. Ma non l\u2019avevamo mai visto\u2026 invidioso! Eh s\u00ec, quest\u2019anno \u2014 complice anche un periodo particolarmente difficile per lui e per i suoi \u201ccanonici\u201d \u2014 si trover\u00e0 a fare i conti con lati del proprio carattere che non aveva mai sospettato e che sorprenderanno prima di tutto lui stesso.<\/p>\n<p>&nbsp;<\/p>\n<p>&nbsp;<\/p>\n<p>&nbsp;<\/p>\n<p>&nbsp;<\/p>\n<p>&nbsp;<\/p>\n<p>&nbsp;<\/p>\n<p><strong>ARMANDO (Lorenzo Balducci)<\/strong><\/p>\n<p><img decoding=\"async\" class=\"alignleft wp-image-1085\" src=\"https:\/\/www.tv2000.it\/canonico\/wp-content\/uploads\/sites\/70\/2023\/04\/Canonico-2-Persdonaggi-Lorenzo-Balducci-1.png\" alt=\"\" width=\"220\" height=\"220\" srcset=\"https:\/\/www.tv2000.it\/canonico\/wp-content\/uploads\/sites\/70\/2023\/04\/Canonico-2-Persdonaggi-Lorenzo-Balducci-1.png 280w, https:\/\/www.tv2000.it\/canonico\/wp-content\/uploads\/sites\/70\/2023\/04\/Canonico-2-Persdonaggi-Lorenzo-Balducci-1-150x150.png 150w, https:\/\/www.tv2000.it\/canonico\/wp-content\/uploads\/sites\/70\/2023\/04\/Canonico-2-Persdonaggi-Lorenzo-Balducci-1-27x27.png 27w, https:\/\/www.tv2000.it\/canonico\/wp-content\/uploads\/sites\/70\/2023\/04\/Canonico-2-Persdonaggi-Lorenzo-Balducci-1-188x188.png 188w\" sizes=\"(max-width: 220px) 100vw, 220px\" \/><\/p>\n<p>Quando \u00e8 arrivato a Rocca Spera, nella scorsa stagione, Armando era un uomo disperato. E anche profondamente solo. Ma tornare nella propria terra, difenderla da chi come la sindaca Erica voleva sfruttarla per trarne profitto, ma soprattutto aver incontrato Irene di cui si \u00e8 innamorato, gli ha ridato forza e voglia di vivere. E ora vuole prendersi cura di Rocca Spera, diventandone il sindaco. Le elezioni lo vedono vincitore, acclamato e festeggiato da tutti, compreso Giulio, un suo vecchio amico ed ex commilitone che si \u00e8 appena trasferito a Rocca Spera assieme a suo figlio.<\/p>\n<p>Ma la presenza di Giulio, in paese, sembra avere una strana influenza su Armando.<\/p>\n<p>La loro amicizia non sembra far bene al neo sindaco e anche la sua compagna, Irene, lo ha notato \u2026<\/p>\n<p>&nbsp;<\/p>\n<p>&nbsp;<\/p>\n<p>&nbsp;<\/p>\n<p>&nbsp;<\/p>\n<p>&nbsp;<\/p>\n<p style=\"text-align: right;\"><strong>NICOLA (Leonardo Pistella)<\/strong><\/p>\n<p><img decoding=\"async\" class=\"alignright size-full wp-image-1457\" src=\"https:\/\/www.tv2000.it\/canonico\/wp-content\/uploads\/sites\/70\/2023\/04\/leonardo-pistella-canonico-2.jpg\" alt=\"\" width=\"280\" height=\"280\" srcset=\"https:\/\/www.tv2000.it\/canonico\/wp-content\/uploads\/sites\/70\/2023\/04\/leonardo-pistella-canonico-2.jpg 280w, https:\/\/www.tv2000.it\/canonico\/wp-content\/uploads\/sites\/70\/2023\/04\/leonardo-pistella-canonico-2-150x150.jpg 150w, https:\/\/www.tv2000.it\/canonico\/wp-content\/uploads\/sites\/70\/2023\/04\/leonardo-pistella-canonico-2-27x27.jpg 27w, https:\/\/www.tv2000.it\/canonico\/wp-content\/uploads\/sites\/70\/2023\/04\/leonardo-pistella-canonico-2-188x188.jpg 188w\" sizes=\"(max-width: 280px) 100vw, 280px\" \/><\/p>\n<p>Nicola aveva deciso di tornare a vivere in Germania nella scorsa stagione; ma ora anche se a distanza, cerca di essere vicino a sua madre, ascoltando i suoi sfoghi al telefono e accogliendola a Berlino, quando Angela in un momento di grande difficolt\u00e0 decide di prendersi un momento tutto per se.<\/p>\n<p>&nbsp;<\/p>\n<p>&nbsp;<\/p>\n<p>&nbsp;<\/p>\n<p>&nbsp;<\/p>\n<p>&nbsp;<\/p>\n<p>&nbsp;<br \/>\n<strong>FULVIO (Pietro De Silva)<\/strong><\/p>\n<p><img decoding=\"async\" class=\"alignleft size-full wp-image-1455\" src=\"https:\/\/www.tv2000.it\/canonico\/wp-content\/uploads\/sites\/70\/2023\/04\/pietro-de-silva-canonico-2.jpg\" alt=\"\" width=\"280\" height=\"280\" srcset=\"https:\/\/www.tv2000.it\/canonico\/wp-content\/uploads\/sites\/70\/2023\/04\/pietro-de-silva-canonico-2.jpg 280w, https:\/\/www.tv2000.it\/canonico\/wp-content\/uploads\/sites\/70\/2023\/04\/pietro-de-silva-canonico-2-150x150.jpg 150w, https:\/\/www.tv2000.it\/canonico\/wp-content\/uploads\/sites\/70\/2023\/04\/pietro-de-silva-canonico-2-27x27.jpg 27w, https:\/\/www.tv2000.it\/canonico\/wp-content\/uploads\/sites\/70\/2023\/04\/pietro-de-silva-canonico-2-188x188.jpg 188w\" sizes=\"(max-width: 280px) 100vw, 280px\" \/><\/p>\n<p>Abbiamo conosciuto il barbiere del paese nella scorsa stagione e lo abbiamo visto alle prese con la figlia e il suo fidanzato. Quest\u2019anno, invece, i problemi di cuore riguardano proprio lui! Il barbiere \u00e8 innamorato, ma non sa come comportarsi e ne combina di tutti i colori.&nbsp; Assieme a Pasquale \u00e8 spesso presente nelle vicende del nostro piccolo borgo, supportando&nbsp; con ironia e umanit\u00e0 i nostri protagonisti.<\/p>\n<p>&nbsp;<\/p>\n<p>&nbsp;<\/p>\n<p>&nbsp;<\/p>\n<p>&nbsp;<\/p>\n<p>&nbsp;<\/p>\n<p>&nbsp;<\/p>\n<p>&nbsp;<\/p>\n<p><strong>PASQUALE (Mario Barletta)<br \/>\n<\/strong><\/p>\n<p>Pasquale ha perso il lavoro! Con l\u2019arresto della sindaca Erica, di cui era il tuttofare, si \u00e8 dovuto reinventare ed ha comprato un TACSI. S\u00ec s\u00ec, avete letto bene! Questa \u00e8 la scritta che campeggia sulla sua auto con cui accompagner\u00e0 spesso i nostri protagonisti in avventure esilaranti, ma anche nei momenti di difficolt\u00e0.<\/p>\n<p>Insieme a Fulvio, il barbiere del paese, forma una coppia spassosa e affiatata che, tra battute e piccoli imprevisti, d\u00e0 spesso una mano ai protagonisti della nostra storia.<\/p>\n<p>&nbsp;<\/p>\n<p>&nbsp;<\/p>\n<p style=\"text-align: right;\"><strong>BRUNO (Federico Perrotta)<\/strong><\/p>\n<p><img decoding=\"async\" class=\"alignleft wp-image-44\" src=\"https:\/\/www.tv2000.it\/canonico\/wp-content\/uploads\/sites\/70\/2021\/11\/Bruno-Federico-Perrotta-300x300.jpg\" alt=\"\" width=\"220\" height=\"220\" srcset=\"https:\/\/www.tv2000.it\/canonico\/wp-content\/uploads\/sites\/70\/2021\/11\/Bruno-Federico-Perrotta-300x300.jpg 300w, https:\/\/www.tv2000.it\/canonico\/wp-content\/uploads\/sites\/70\/2021\/11\/Bruno-Federico-Perrotta-150x150.jpg 150w, https:\/\/www.tv2000.it\/canonico\/wp-content\/uploads\/sites\/70\/2021\/11\/Bruno-Federico-Perrotta-27x27.jpg 27w, https:\/\/www.tv2000.it\/canonico\/wp-content\/uploads\/sites\/70\/2021\/11\/Bruno-Federico-Perrotta-280x280.jpg 280w, https:\/\/www.tv2000.it\/canonico\/wp-content\/uploads\/sites\/70\/2021\/11\/Bruno-Federico-Perrotta-188x188.jpg 188w, https:\/\/www.tv2000.it\/canonico\/wp-content\/uploads\/sites\/70\/2021\/11\/Bruno-Federico-Perrotta.jpg 434w\" sizes=\"(max-width: 220px) 100vw, 220px\" \/>Il nostro economo che si prende cura delle finanze della canonica, sempre cauto, ma anche un po\u2019 pasticcione, \u00e8 pronto per spiccare il volo! Quale? Vuole diventare sindaco! Ma quando le elezioni non vanno come sperava, ecco che a Bruno si prospetta un\u2019altra possibilit\u00e0: diventare socio di Giulio nella sua nuova attivit\u00e0 commerciale. Sar\u00e0 una buona scelta? Angela non sembra essere molto d\u2019accordo, ma sappiamo che questi due sono inclini alle discussioni, ai fraintendimenti \u2026 E poi, stanno insieme o non stanno insieme?<\/p>\n<p>&nbsp;<\/p>\n<p>&nbsp;<\/p>\n<p>&nbsp;<\/p>\n<p style=\"text-align: right;\">&nbsp;<\/p>\n<p><strong>GIANLUCA (Andrea D\u2019Andreagiovanni)<\/strong><br \/>\n<img decoding=\"async\" class=\"alignleft wp-image-43\" src=\"https:\/\/www.tv2000.it\/canonico\/wp-content\/uploads\/sites\/70\/2021\/11\/Gianluca-Andrea-Dandreagiovanni-300x300.jpg\" alt=\"\" width=\"220\" height=\"220\" srcset=\"https:\/\/www.tv2000.it\/canonico\/wp-content\/uploads\/sites\/70\/2021\/11\/Gianluca-Andrea-Dandreagiovanni-300x300.jpg 300w, https:\/\/www.tv2000.it\/canonico\/wp-content\/uploads\/sites\/70\/2021\/11\/Gianluca-Andrea-Dandreagiovanni-150x150.jpg 150w, https:\/\/www.tv2000.it\/canonico\/wp-content\/uploads\/sites\/70\/2021\/11\/Gianluca-Andrea-Dandreagiovanni-27x27.jpg 27w, https:\/\/www.tv2000.it\/canonico\/wp-content\/uploads\/sites\/70\/2021\/11\/Gianluca-Andrea-Dandreagiovanni-280x280.jpg 280w, https:\/\/www.tv2000.it\/canonico\/wp-content\/uploads\/sites\/70\/2021\/11\/Gianluca-Andrea-Dandreagiovanni-188x188.jpg 188w, https:\/\/www.tv2000.it\/canonico\/wp-content\/uploads\/sites\/70\/2021\/11\/Gianluca-Andrea-Dandreagiovanni.jpg 434w\" sizes=\"(max-width: 220px) 100vw, 220px\" \/><\/p>\n<p>Gianluca, che nella seconda stagione ha compiuto un passo importantissimo, andando a vivere da solo, si trova quest\u2019anno a scoprire un sentimento nuovo, inaspettato: l\u2019amore.<\/p>\n<p>E cosa succede quando un uomo Asperger incontra l\u2019amore? Anche Alessandra, come lui, \u00e8 nello spettro autistico; \u00e8 una ragazza intraprendente, curiosa e capace di metterlo di fronte a emozioni che non aveva mai provato. Tutto bellissimo, ma anche cos\u00ec difficile \u2026<\/p>\n<p>&nbsp;<\/p>\n<p>&nbsp;<\/p>\n<p>&nbsp;<\/p>\n<p style=\"text-align: right;\"><strong>DON MANOLO (Federico Lima Roque)<\/strong><\/p>\n<p><img decoding=\"async\" class=\"alignright wp-image-42\" src=\"https:\/\/www.tv2000.it\/canonico\/wp-content\/uploads\/sites\/70\/2021\/11\/Don-Manolo-Federico-Lima-Roque-150x150.jpg\" alt=\"\" width=\"220\" height=\"220\" srcset=\"https:\/\/www.tv2000.it\/canonico\/wp-content\/uploads\/sites\/70\/2021\/11\/Don-Manolo-Federico-Lima-Roque-150x150.jpg 150w, https:\/\/www.tv2000.it\/canonico\/wp-content\/uploads\/sites\/70\/2021\/11\/Don-Manolo-Federico-Lima-Roque-300x300.jpg 300w, https:\/\/www.tv2000.it\/canonico\/wp-content\/uploads\/sites\/70\/2021\/11\/Don-Manolo-Federico-Lima-Roque-27x27.jpg 27w, https:\/\/www.tv2000.it\/canonico\/wp-content\/uploads\/sites\/70\/2021\/11\/Don-Manolo-Federico-Lima-Roque-280x280.jpg 280w, https:\/\/www.tv2000.it\/canonico\/wp-content\/uploads\/sites\/70\/2021\/11\/Don-Manolo-Federico-Lima-Roque-188x188.jpg 188w, https:\/\/www.tv2000.it\/canonico\/wp-content\/uploads\/sites\/70\/2021\/11\/Don-Manolo-Federico-Lima-Roque.jpg 434w\" sizes=\"(max-width: 220px) 100vw, 220px\" \/>Lo vediamo poco, Don Manolo, da quando \u00e8 diventato parroco. Ma sembra che quest\u2019anno sia destinato ad andare ancora pi\u00f9 lontano, addirittura in Sud America. Certo, quante novit\u00e0 per Don Michele!<\/p>\n<p>&nbsp;<\/p>\n<p>&nbsp;<\/p>\n<p>&nbsp;<\/p>\n<p>&nbsp;<\/p>\n<p>&nbsp;<\/p>\n<p><strong>Irene Persiano (Elisabetta Mandalari)<\/strong><br \/>\n<img decoding=\"async\" class=\"alignleft wp-image-41\" src=\"https:\/\/www.tv2000.it\/canonico\/wp-content\/uploads\/sites\/70\/2021\/11\/Irene-Elisabetta-Mandalari-300x300.jpg\" alt=\"\" width=\"220\" height=\"220\" srcset=\"https:\/\/www.tv2000.it\/canonico\/wp-content\/uploads\/sites\/70\/2021\/11\/Irene-Elisabetta-Mandalari-300x300.jpg 300w, https:\/\/www.tv2000.it\/canonico\/wp-content\/uploads\/sites\/70\/2021\/11\/Irene-Elisabetta-Mandalari-150x150.jpg 150w, https:\/\/www.tv2000.it\/canonico\/wp-content\/uploads\/sites\/70\/2021\/11\/Irene-Elisabetta-Mandalari-27x27.jpg 27w, https:\/\/www.tv2000.it\/canonico\/wp-content\/uploads\/sites\/70\/2021\/11\/Irene-Elisabetta-Mandalari-280x280.jpg 280w, https:\/\/www.tv2000.it\/canonico\/wp-content\/uploads\/sites\/70\/2021\/11\/Irene-Elisabetta-Mandalari-188x188.jpg 188w, https:\/\/www.tv2000.it\/canonico\/wp-content\/uploads\/sites\/70\/2021\/11\/Irene-Elisabetta-Mandalari.jpg 434w\" sizes=\"(max-width: 220px) 100vw, 220px\" \/><\/p>\n<p>Dopo aver affrontato la malattia che l&#8217;ha colpita nella scorsa stagione, quest\u2019anno ritroviamo Irene \u00e8 ora in salute e felice accanto ad Armando; eppure uno strano malessere sembra turbarla. E\u2019 il tumore che sta tornando? Per fortuna no, anzi. C\u2019\u00e8 una novit\u00e0 per lei del tutto inaspettata: aspetta un bambino! Vorrebbe correre a dirlo ad Armando, ma un evento imprevisto sconvolge il paese. E poi Armando \u00e8 strano, da quando \u00e8 diventato sindaco \u00e8 sempre impegnato con il lavoro e anche con Giulio, che diventa una presenza sempre pi\u00f9 ingombrante nella loro vita.<\/p>\n<p>&nbsp;<\/p>\n<p>&nbsp;<\/p>\n<p>&nbsp;<\/p>\n<p style=\"text-align: right;\"><strong>Angela Vitale (Mariateresa Pascale)<\/strong><\/p>\n<p><img decoding=\"async\" class=\"alignright wp-image-40\" src=\"https:\/\/www.tv2000.it\/canonico\/wp-content\/uploads\/sites\/70\/2021\/11\/Angela-Mariateresa-Pascale-150x150.jpg\" alt=\"\" width=\"220\" height=\"220\" srcset=\"https:\/\/www.tv2000.it\/canonico\/wp-content\/uploads\/sites\/70\/2021\/11\/Angela-Mariateresa-Pascale-150x150.jpg 150w, https:\/\/www.tv2000.it\/canonico\/wp-content\/uploads\/sites\/70\/2021\/11\/Angela-Mariateresa-Pascale-300x300.jpg 300w, https:\/\/www.tv2000.it\/canonico\/wp-content\/uploads\/sites\/70\/2021\/11\/Angela-Mariateresa-Pascale-27x27.jpg 27w, https:\/\/www.tv2000.it\/canonico\/wp-content\/uploads\/sites\/70\/2021\/11\/Angela-Mariateresa-Pascale-280x280.jpg 280w, https:\/\/www.tv2000.it\/canonico\/wp-content\/uploads\/sites\/70\/2021\/11\/Angela-Mariateresa-Pascale-188x188.jpg 188w, https:\/\/www.tv2000.it\/canonico\/wp-content\/uploads\/sites\/70\/2021\/11\/Angela-Mariateresa-Pascale.jpg 434w\" sizes=\"(max-width: 220px) 100vw, 220px\" \/>Sar\u00e0 l\u2019aria di Rocca Spera che ispira desiderio di cambiamento, sar\u00e0 che vivere in canonica e prendersi cura di Don Michele, Bruno, Gianluca l\u2019ha resa pi\u00f9 fiduciosa in se stessa, ma sta di fatto che quest\u2019anno anche Angela vuole crescere e \u2026 rilevare il bar del paese! Sapr\u00e0 occuparsi di tutto ci\u00f2 che questo comporta? Per fortuna c\u2019\u00e8 Suor Betta che di seconde possibilit\u00e0 se ne intende e potr\u00e0 darle una mano, anche perch\u00e9 Bruno, invece, non sembra proprio capirla n\u00e9 supportarla.<\/p>\n<p>Intanto Don Michele le chiede di prendersi cura di una ragazza misteriosa che \u00e8 arrivata in canonica e si chiama come lei, Angela, ma\u2026 in greco!<\/p>\n<p>&nbsp;<\/p>\n<p>&nbsp;<\/p>\n<p><strong>Alice e Dario (Eugenia Bardanzellu)<\/strong><br \/>\n<img decoding=\"async\" class=\"alignleft wp-image-39 size-thumbnail\" src=\"https:\/\/www.tv2000.it\/canonico\/wp-content\/uploads\/sites\/70\/2021\/11\/Alice-Eugenia-Bardanzellu-150x150.jpg\" alt=\"\" width=\"150\" height=\"150\" srcset=\"https:\/\/www.tv2000.it\/canonico\/wp-content\/uploads\/sites\/70\/2021\/11\/Alice-Eugenia-Bardanzellu-150x150.jpg 150w, https:\/\/www.tv2000.it\/canonico\/wp-content\/uploads\/sites\/70\/2021\/11\/Alice-Eugenia-Bardanzellu-300x300.jpg 300w, https:\/\/www.tv2000.it\/canonico\/wp-content\/uploads\/sites\/70\/2021\/11\/Alice-Eugenia-Bardanzellu-27x27.jpg 27w, https:\/\/www.tv2000.it\/canonico\/wp-content\/uploads\/sites\/70\/2021\/11\/Alice-Eugenia-Bardanzellu-280x280.jpg 280w, https:\/\/www.tv2000.it\/canonico\/wp-content\/uploads\/sites\/70\/2021\/11\/Alice-Eugenia-Bardanzellu-188x188.jpg 188w, https:\/\/www.tv2000.it\/canonico\/wp-content\/uploads\/sites\/70\/2021\/11\/Alice-Eugenia-Bardanzellu.jpg 434w\" sizes=\"(max-width: 150px) 100vw, 150px\" \/><\/p>\n<p><img decoding=\"async\" class=\"alignright size-thumbnail wp-image-38\" src=\"https:\/\/www.tv2000.it\/canonico\/wp-content\/uploads\/sites\/70\/2021\/11\/Dario-Alessandro-La-Ginestra-150x150.jpg\" alt=\"\" width=\"150\" height=\"150\" srcset=\"https:\/\/www.tv2000.it\/canonico\/wp-content\/uploads\/sites\/70\/2021\/11\/Dario-Alessandro-La-Ginestra-150x150.jpg 150w, https:\/\/www.tv2000.it\/canonico\/wp-content\/uploads\/sites\/70\/2021\/11\/Dario-Alessandro-La-Ginestra-300x300.jpg 300w, https:\/\/www.tv2000.it\/canonico\/wp-content\/uploads\/sites\/70\/2021\/11\/Dario-Alessandro-La-Ginestra-27x27.jpg 27w, https:\/\/www.tv2000.it\/canonico\/wp-content\/uploads\/sites\/70\/2021\/11\/Dario-Alessandro-La-Ginestra-280x280.jpg 280w, https:\/\/www.tv2000.it\/canonico\/wp-content\/uploads\/sites\/70\/2021\/11\/Dario-Alessandro-La-Ginestra-188x188.jpg 188w, https:\/\/www.tv2000.it\/canonico\/wp-content\/uploads\/sites\/70\/2021\/11\/Dario-Alessandro-La-Ginestra.jpg 434w\" sizes=\"(max-width: 150px) 100vw, 150px\" \/>I novelli sposi Alice e Dario hanno deciso di trasferirsi a Barcellona, citt\u00e0 in cui Dario aveva vissuto nella scorsa stagione. Si stanno preparando per la partenza, anche con l\u2019aiuto di Pasquale, il nuovo tassista di Rocca Spera.<\/p>\n<p>&nbsp;<\/p>\n<p>&nbsp;<\/p>\n<p>&nbsp;<\/p>\n<p>&nbsp;<\/p>\n<p>&nbsp;<\/p>\n<p><strong>Vescovo Valeri (Fabio Ferrari)<\/strong><br \/>\n<img decoding=\"async\" class=\"alignleft wp-image-37\" src=\"https:\/\/www.tv2000.it\/canonico\/wp-content\/uploads\/sites\/70\/2021\/11\/Vescovo-Valeri-Fabio-Ferrari-300x300.jpg\" alt=\"\" width=\"220\" height=\"220\" srcset=\"https:\/\/www.tv2000.it\/canonico\/wp-content\/uploads\/sites\/70\/2021\/11\/Vescovo-Valeri-Fabio-Ferrari-300x300.jpg 300w, https:\/\/www.tv2000.it\/canonico\/wp-content\/uploads\/sites\/70\/2021\/11\/Vescovo-Valeri-Fabio-Ferrari-150x150.jpg 150w, https:\/\/www.tv2000.it\/canonico\/wp-content\/uploads\/sites\/70\/2021\/11\/Vescovo-Valeri-Fabio-Ferrari-27x27.jpg 27w, https:\/\/www.tv2000.it\/canonico\/wp-content\/uploads\/sites\/70\/2021\/11\/Vescovo-Valeri-Fabio-Ferrari-280x280.jpg 280w, https:\/\/www.tv2000.it\/canonico\/wp-content\/uploads\/sites\/70\/2021\/11\/Vescovo-Valeri-Fabio-Ferrari-188x188.jpg 188w, https:\/\/www.tv2000.it\/canonico\/wp-content\/uploads\/sites\/70\/2021\/11\/Vescovo-Valeri-Fabio-Ferrari.jpg 434w\" sizes=\"(max-width: 220px) 100vw, 220px\" \/><\/p>\n<p>Quest\u2019anno Monsignor Valeri \u00e8 molto presente nella vita della canonica, che viene scombussolata da tante novit\u00e0. Spesso aiuter\u00e0 Don Michele, ma anche Suor Betta,&nbsp; nella risoluzione di problemi riguardanti la comunit\u00e0 e nei momenti di difficolt\u00e0 che il nostro Don si trover\u00e0 ad affrontare.<\/p>\n","protected":false},"excerpt":{"rendered":"I personaggi della stagione 3 Suor Betta (Debora Villa) Suor Betta \u00e8 una vecchia conoscenza del Vescovo Valeri, che la invita a Rocca Spera in una fase molto delicata per la comunit\u00e0 tutta. E\u2019 una suora energica, volitiva, intraprendente \u2026 tanto da diventare, a volte, invadente! Ha lavorato in ambienti difficili e lei stessa proviene [&hellip;]","protected":false},"author":6,"featured_media":0,"parent":0,"menu_order":0,"comment_status":"closed","ping_status":"closed","template":"","meta":{"_acf_changed":false,"footnotes":""},"class_list":["post-32","page","type-page","status-publish","hentry"],"acf":[],"aioseo_notices":[],"_links":{"self":[{"href":"https:\/\/www.tv2000.it\/canonico\/wp-json\/wp\/v2\/pages\/32","targetHints":{"allow":["GET"]}}],"collection":[{"href":"https:\/\/www.tv2000.it\/canonico\/wp-json\/wp\/v2\/pages"}],"about":[{"href":"https:\/\/www.tv2000.it\/canonico\/wp-json\/wp\/v2\/types\/page"}],"author":[{"embeddable":true,"href":"https:\/\/www.tv2000.it\/canonico\/wp-json\/wp\/v2\/users\/6"}],"replies":[{"embeddable":true,"href":"https:\/\/www.tv2000.it\/canonico\/wp-json\/wp\/v2\/comments?post=32"}],"version-history":[{"count":11,"href":"https:\/\/www.tv2000.it\/canonico\/wp-json\/wp\/v2\/pages\/32\/revisions"}],"predecessor-version":[{"id":4474,"href":"https:\/\/www.tv2000.it\/canonico\/wp-json\/wp\/v2\/pages\/32\/revisions\/4474"}],"wp:attachment":[{"href":"https:\/\/www.tv2000.it\/canonico\/wp-json\/wp\/v2\/media?parent=32"}],"curies":[{"name":"wp","href":"https:\/\/api.w.org\/{rel}","templated":true}]}}