{"id":84,"date":"2017-12-21T10:45:55","date_gmt":"2017-12-21T09:45:55","guid":{"rendered":"http:\/\/www.tv2000.it\/padrenostro\/?post_type=video&#038;p=84"},"modified":"2018-01-23T12:05:55","modified_gmt":"2018-01-23T11:05:55","slug":"padre-nostro-ix-puntata-il-colloquio-integrale-di-papa-francesco-con-don-marco-pozza","status":"publish","type":"video","link":"https:\/\/www.tv2000.it\/padrenostro\/video\/padre-nostro-ix-puntata-il-colloquio-integrale-di-papa-francesco-con-don-marco-pozza\/","title":{"rendered":"Nona puntata: il colloquio integrale di Papa Francesco con don Marco Pozza"},"content":{"rendered":"<p style=\"text-align: justify;\">Nell\u2019ultima puntata di <a class=\"yt-simple-endpoint style-scope yt-formatted-string\" href=\"https:\/\/www.youtube.com\/results?search_query=%23PadreNostro\">#PadreNostro<\/a> Papa Francesco conversa con don Marco Pozza, teologo e cappellano del carcere di Padova. Il programma, nato dalla collaborazione tra la Segreteria per la Comunicazione della Santa Sede e Tv2000 nel corso delle puntate, introdotte dalle parole del Papa, ha ospitato anche noti personaggi laici del mondo della cultura e dello spettacolo: Silvia Avallone, Erri De Luca, Maria Grazia Cucinotta, Simone Moro e Tamara Lunger, Carlo Petrini, Flavio Insinna, Umberto Galimberti, Pif. Nell\u2019ultima puntata viene trasmesso il colloquio integrale di Francesco con il cappellano del carcere di Padova. \u201cDiciamo di essere cristiani, diciamo di avere un padre, ma viviamo come, non dico come animali, ma come persone che non credono n\u00e9 in Dio n\u00e9 nell\u2019uomo, senza fede, e viviamo anche facendo del male, viviamo non nell\u2019amore ma nell\u2019odio, nella competizione, nelle guerre. \u00c8 santificato nei cristiani che lottano fra loro per il potere? \u00c8 santificato nella vita di quelli che assoldano un sicario per liberarsi di un nemico? \u00c8 santificato nella vita di coloro che non si curano dei propri figli? No, l\u00ec non \u00e8 santificato il nome di Dio\u201d. Cos\u00ec Papa Francesco nella conversazione con don Marco. Le parole insegnate da Ges\u00f9 entrano in risonanza con episodi della vita di Jorge Mario Bergoglio, con la sua missione apostolica e con le inquietudini e le speranze delle donne e degli uomini d\u2019oggi, fino a diventare la guida per una vita ricca di senso e di scopo. \u201cCi vuole coraggio \u2013 ha aggiunto il Papa \u2013 per pregare il Padre nostro. Ci vuole coraggio. Dico: mettetevi a dire \u00abpap\u00e0\u00bb e a credere veramente che Dio \u00e8 il Padre che mi accompagna, mi perdona, mi d\u00e0 il pane, \u00e8 attento a tutto ci\u00f2 che chiedo, mi veste ancora meglio dei fiori di campo. Credere \u00e8 anche un grande rischio: e se non fosse vero? Osare, osare, ma tutti insieme. Per questo pregare insieme \u00e8 tanto bello: perch\u00e9 ci aiutiamo l\u2019un l\u2019altro a osare\u201d. \u201cDa bambini, a casa, quando il pane cadeva, \u2013 ha proseguito il Pontefice \u2013 ci insegnavano a prenderlo subito e baciarlo: non si buttava mai via il pane. Il pane \u00e8 simbolo di questa unit\u00e0 dell\u2019umanit\u00e0, \u00e8 simbolo dell\u2019amore di Dio per te, il Dio che ti d\u00e0 da mangiare. Quando avanzava, le nonne, le mamme cosa facevano (e fanno)? Lo bagnavano con il latte e ci facevano una torta, qualunque cosa: ma il pane non si butta\u201d. \u201cUna volta \u2013 ha raccontato Papa Francesco \u2013 \u00e8 venuta a Buenos Aires l\u2019immagine della Madonna di Fatima e c\u2019era una Messa per gli ammalati, in un grande stadio pieno di gente. Io ero gi\u00e0 vescovo, sono andato a confessare e ho confessato, confessato, prima della Messa e durante. Alla fine non c\u2019era quasi pi\u00f9 gente e io mi sono alzato per andarmene, perch\u00e9 mi aspettava una cresima da un\u2019altra parte. \u00c8 arrivata per\u00f2 una signora piccolina, semplice, tutta vestita di nero come le contadine del Sud d\u2019Italia quando sono in lutto, ma i suoi splendidi occhi le illuminavano il viso. \u00abLei vuole confessarsi\u00bb le ho detto, \u00abma non ha peccati.\u00bb La signora era portoghese e mi ha risposto: \u00abTutti abbiamo peccati\u2026\u00bb. \u00abStia attenta, allora: forse Dio non perdona.\u00bb \u00abDio perdona tutto\u00bb ha sostenuto con sicurezza. \u00abE lei come fa a saperlo?\u00bb \u00abSe Dio non perdonasse tutto\u00bb \u00e8 stata la sua risposta, \u00abil mondo non esisterebbe\u00bb. Avrei voluto dirle: \u00abMa lei ha studiato alla Gregoriana!\u00bb. \u00c8 la saggezza dei semplici, che sanno di avere un padre che sempre li aspetta\u201d.<\/p>\n","protected":false},"featured_media":85,"comment_status":"open","ping_status":"closed","template":"","tags":[],"class_list":["post-84","video","type-video","status-publish","has-post-thumbnail","hentry","video_category-puntate"],"acf":[],"aioseo_notices":[],"url_youtube":"-sjXOLqn64Q","featured_image_url":"https:\/\/i.ytimg.com\/vi\/-sjXOLqn64Q\/mqdefault.jpg","_links":{"self":[{"href":"https:\/\/www.tv2000.it\/padrenostro\/wp-json\/wp\/v2\/video\/84","targetHints":{"allow":["GET"]}}],"collection":[{"href":"https:\/\/www.tv2000.it\/padrenostro\/wp-json\/wp\/v2\/video"}],"about":[{"href":"https:\/\/www.tv2000.it\/padrenostro\/wp-json\/wp\/v2\/types\/video"}],"replies":[{"embeddable":true,"href":"https:\/\/www.tv2000.it\/padrenostro\/wp-json\/wp\/v2\/comments?post=84"}],"wp:featuredmedia":[{"embeddable":true,"href":"https:\/\/www.tv2000.it\/padrenostro\/wp-json\/wp\/v2\/media\/85"}],"wp:attachment":[{"href":"https:\/\/www.tv2000.it\/padrenostro\/wp-json\/wp\/v2\/media?parent=84"}],"wp:term":[{"taxonomy":"post_tag","embeddable":true,"href":"https:\/\/www.tv2000.it\/padrenostro\/wp-json\/wp\/v2\/tags?post=84"}],"curies":[{"name":"wp","href":"https:\/\/api.w.org\/{rel}","templated":true}]}}