{"id":4890,"date":"2016-04-05T19:18:11","date_gmt":"2016-04-05T17:18:11","guid":{"rendered":"http:\/\/www.tv2000.it\/siamonoi\/?post_type=video&#038;p=4890"},"modified":"2016-04-05T19:18:11","modified_gmt":"2016-04-05T17:18:11","slug":"il-giovane-fabbro-di-citta-della-pieve","status":"publish","type":"video","link":"https:\/\/www.tv2000.it\/siamonoi\/video\/il-giovane-fabbro-di-citta-della-pieve\/","title":{"rendered":"Il giovane fabbro di Citt\u00e0 della Pieve"},"content":{"rendered":"<p>Emanuele Lispi \u00e8 un giovane fabbro che ha saputo evolvere questa attivit\u00e0, di norma prettamente artigiana, in un\u2019espressione creativa di pari dignit\u00e0 rispetto ad altre espressioni artistiche. Alla quarta generazione nella sua famiglia, Emanuele \u00e8 letteralmente cresciuto in officina e qui ha costruito la sua attivit\u00e0 portandola oltre la dimensione classica. Dopo aver compiuto studi professionali orientati a settori completamente diversi, il richiamo della forgia, che \u00e8 nel dna della sua famiglia, ha finito con il prevalere su altre strade che si stavano preparando.<\/p>\n","protected":false},"featured_media":4891,"comment_status":"open","ping_status":"open","template":"","tags":[],"class_list":["post-4890","video","type-video","status-publish","has-post-thumbnail","hentry","video_category-clip"],"acf":[],"aioseo_notices":[],"url_youtube":"ruyHNooHk_A","featured_image_url":"https:\/\/i.ytimg.com\/vi\/ruyHNooHk_A\/mqdefault.jpg","_links":{"self":[{"href":"https:\/\/www.tv2000.it\/siamonoi\/wp-json\/wp\/v2\/video\/4890","targetHints":{"allow":["GET"]}}],"collection":[{"href":"https:\/\/www.tv2000.it\/siamonoi\/wp-json\/wp\/v2\/video"}],"about":[{"href":"https:\/\/www.tv2000.it\/siamonoi\/wp-json\/wp\/v2\/types\/video"}],"replies":[{"embeddable":true,"href":"https:\/\/www.tv2000.it\/siamonoi\/wp-json\/wp\/v2\/comments?post=4890"}],"wp:featuredmedia":[{"embeddable":true,"href":"https:\/\/www.tv2000.it\/siamonoi\/wp-json\/wp\/v2\/media\/4891"}],"wp:attachment":[{"href":"https:\/\/www.tv2000.it\/siamonoi\/wp-json\/wp\/v2\/media?parent=4890"}],"wp:term":[{"taxonomy":"post_tag","embeddable":true,"href":"https:\/\/www.tv2000.it\/siamonoi\/wp-json\/wp\/v2\/tags?post=4890"}],"curies":[{"name":"wp","href":"https:\/\/api.w.org\/{rel}","templated":true}]}}