{"id":44186,"date":"2019-02-08T12:49:09","date_gmt":"2019-02-08T11:49:09","guid":{"rendered":"http:\/\/www.tv2000.it\/tg2000\/?post_type=video&#038;p=44186"},"modified":"2019-02-08T15:26:03","modified_gmt":"2019-02-08T14:26:03","slug":"venezuela-lesercito-di-maduro-blocca-gli-aiuti-alla-frontiera-montevideo-rilancia-il-dialogo","status":"publish","type":"video","link":"https:\/\/www.tv2000.it\/tg2000\/video\/venezuela-lesercito-di-maduro-blocca-gli-aiuti-alla-frontiera-montevideo-rilancia-il-dialogo\/","title":{"rendered":"Venezuela: Maduro blocca aiuti alla frontiera. Montevideo rilancia il dialogo"},"content":{"rendered":"<p>Anche Juan Guaid\u00f2, dopo Nicolas Maduro, si \u00e8 appellato al Papa affinch\u00e9 favorisca una mediazione sulla crisi in Venezuela. Ma per trovare una soluzione, dall\u2019Uruguay sta lavorando il gruppo internazionale di contatto, promosso anche dall\u2019Unione europea. Servizio di Pierluigi Vito<\/p>\n","protected":false},"featured_media":44187,"comment_status":"closed","ping_status":"closed","template":"","tags":[],"class_list":["post-44186","video","type-video","status-publish","has-post-thumbnail","hentry","video_category-esteri","video_category-news"],"acf":[],"aioseo_notices":[],"url_youtube":"osBrz8c-Uzs","featured_image_url":"https:\/\/i.ytimg.com\/vi\/osBrz8c-Uzs\/mqdefault.jpg","_links":{"self":[{"href":"https:\/\/www.tv2000.it\/tg2000\/wp-json\/wp\/v2\/video\/44186","targetHints":{"allow":["GET"]}}],"collection":[{"href":"https:\/\/www.tv2000.it\/tg2000\/wp-json\/wp\/v2\/video"}],"about":[{"href":"https:\/\/www.tv2000.it\/tg2000\/wp-json\/wp\/v2\/types\/video"}],"replies":[{"embeddable":true,"href":"https:\/\/www.tv2000.it\/tg2000\/wp-json\/wp\/v2\/comments?post=44186"}],"wp:featuredmedia":[{"embeddable":true,"href":"https:\/\/www.tv2000.it\/tg2000\/wp-json\/wp\/v2\/media\/44187"}],"wp:attachment":[{"href":"https:\/\/www.tv2000.it\/tg2000\/wp-json\/wp\/v2\/media?parent=44186"}],"wp:term":[{"taxonomy":"post_tag","embeddable":true,"href":"https:\/\/www.tv2000.it\/tg2000\/wp-json\/wp\/v2\/tags?post=44186"}],"curies":[{"name":"wp","href":"https:\/\/api.w.org\/{rel}","templated":true}]}}