{"id":45080,"date":"2019-02-28T19:43:23","date_gmt":"2019-02-28T18:43:23","guid":{"rendered":"http:\/\/www.tv2000.it\/tg2000\/?post_type=video&#038;p=45080"},"modified":"2019-02-28T19:43:23","modified_gmt":"2019-02-28T18:43:23","slug":"musica-piu-spazio-alle-canzoni-italiane-parla-mogol","status":"publish","type":"video","link":"https:\/\/www.tv2000.it\/tg2000\/video\/musica-piu-spazio-alle-canzoni-italiane-parla-mogol\/","title":{"rendered":"Musica, pi\u00f9 spazio alle canzoni italiane. Parla Mogol"},"content":{"rendered":"<p>Dedicare pi\u00f9 spazio alla musica italiana. La proposta non \u00e8 nuova, ma ha dato vita alle polemiche. Silvio Vitelli ne ha parlato con il presidente della Siae Giulio Rapetti, in arte Mogol.<\/p>\n","protected":false},"featured_media":45081,"comment_status":"closed","ping_status":"closed","template":"","tags":[],"class_list":["post-45080","video","type-video","status-publish","has-post-thumbnail","hentry","video_category-libri-dischi-e-film","video_category-news"],"acf":[],"aioseo_notices":[],"url_youtube":"Vg6g9Mud5Ko","featured_image_url":"https:\/\/i.ytimg.com\/vi\/Vg6g9Mud5Ko\/mqdefault.jpg","_links":{"self":[{"href":"https:\/\/www.tv2000.it\/tg2000\/wp-json\/wp\/v2\/video\/45080","targetHints":{"allow":["GET"]}}],"collection":[{"href":"https:\/\/www.tv2000.it\/tg2000\/wp-json\/wp\/v2\/video"}],"about":[{"href":"https:\/\/www.tv2000.it\/tg2000\/wp-json\/wp\/v2\/types\/video"}],"replies":[{"embeddable":true,"href":"https:\/\/www.tv2000.it\/tg2000\/wp-json\/wp\/v2\/comments?post=45080"}],"wp:featuredmedia":[{"embeddable":true,"href":"https:\/\/www.tv2000.it\/tg2000\/wp-json\/wp\/v2\/media\/45081"}],"wp:attachment":[{"href":"https:\/\/www.tv2000.it\/tg2000\/wp-json\/wp\/v2\/media?parent=45080"}],"wp:term":[{"taxonomy":"post_tag","embeddable":true,"href":"https:\/\/www.tv2000.it\/tg2000\/wp-json\/wp\/v2\/tags?post=45080"}],"curies":[{"name":"wp","href":"https:\/\/api.w.org\/{rel}","templated":true}]}}