{"id":75805,"date":"2021-06-25T19:37:46","date_gmt":"2021-06-25T17:37:46","guid":{"rendered":"http:\/\/www.tv2000.it\/tg2000\/?post_type=video&#038;p=75805"},"modified":"2021-06-25T19:37:46","modified_gmt":"2021-06-25T17:37:46","slug":"consiglio-europeo-von-der-leyen-e-draghi-la-pandemia-non-e-finita","status":"publish","type":"video","link":"https:\/\/www.tv2000.it\/tg2000\/video\/consiglio-europeo-von-der-leyen-e-draghi-la-pandemia-non-e-finita\/","title":{"rendered":"Consiglio europeo, Von Der Leyen e Draghi: la pandemia non \u00e8 finita"},"content":{"rendered":"<p>&#8220;La pandemia non \u00e8 finita, serve determinazione, attenzione e vigilanza&#8221;. Cos\u00ec il premier Mario Draghi da Bruxelles per il Consiglio europeo. \u00abLa soluzione \u00e8 vaccinare\u00bb, incalza la presidente della commissione, Ursula Von Der Leyen, al termine del vertice. Il servizio Beatrice Bossi.<\/p>\n","protected":false},"featured_media":75806,"comment_status":"closed","ping_status":"closed","template":"","tags":[2000],"class_list":["post-75805","video","type-video","status-publish","has-post-thumbnail","hentry","tag-coronavirus","video_category-news","video_category-politica"],"acf":[],"aioseo_notices":[],"url_youtube":"jhxf-W_RUMs","featured_image_url":"https:\/\/i.ytimg.com\/vi\/jhxf-W_RUMs\/mqdefault.jpg","_links":{"self":[{"href":"https:\/\/www.tv2000.it\/tg2000\/wp-json\/wp\/v2\/video\/75805","targetHints":{"allow":["GET"]}}],"collection":[{"href":"https:\/\/www.tv2000.it\/tg2000\/wp-json\/wp\/v2\/video"}],"about":[{"href":"https:\/\/www.tv2000.it\/tg2000\/wp-json\/wp\/v2\/types\/video"}],"replies":[{"embeddable":true,"href":"https:\/\/www.tv2000.it\/tg2000\/wp-json\/wp\/v2\/comments?post=75805"}],"wp:featuredmedia":[{"embeddable":true,"href":"https:\/\/www.tv2000.it\/tg2000\/wp-json\/wp\/v2\/media\/75806"}],"wp:attachment":[{"href":"https:\/\/www.tv2000.it\/tg2000\/wp-json\/wp\/v2\/media?parent=75805"}],"wp:term":[{"taxonomy":"post_tag","embeddable":true,"href":"https:\/\/www.tv2000.it\/tg2000\/wp-json\/wp\/v2\/tags?post=75805"}],"curies":[{"name":"wp","href":"https:\/\/api.w.org\/{rel}","templated":true}]}}