{"id":80681,"date":"2021-11-15T19:29:04","date_gmt":"2021-11-15T18:29:04","guid":{"rendered":"http:\/\/www.tv2000.it\/tg2000\/?post_type=video&#038;p=80681"},"modified":"2021-11-15T19:29:04","modified_gmt":"2021-11-15T18:29:04","slug":"save-the-children-italia-in-15-anni-un-milione-di-minori-in-piu-e-in-poverta","status":"publish","type":"video","link":"https:\/\/www.tv2000.it\/tg2000\/video\/save-the-children-italia-in-15-anni-un-milione-di-minori-in-piu-e-in-poverta\/","title":{"rendered":"Save the Children Italia, in 15 anni un milione di minori in pi\u00f9 \u00e8 in povert\u00e0"},"content":{"rendered":"<p>Save the Children lancia l&#8217;allarme povert\u00e0 infantile, in 15 anni in Italia ci sono un milione di minori in pi\u00f9 che vivono in un condizione di miseria assoluta. Servono interventi urgenti. Il servizio di Luigi Ferraiuolo<\/p>\n","protected":false},"featured_media":80682,"comment_status":"closed","ping_status":"closed","template":"","tags":[],"class_list":["post-80681","video","type-video","status-publish","has-post-thumbnail","hentry","video_category-news","video_category-societa"],"acf":[],"aioseo_notices":[],"url_youtube":"3sOq6OP0yrA","featured_image_url":"https:\/\/i.ytimg.com\/vi\/3sOq6OP0yrA\/mqdefault.jpg","_links":{"self":[{"href":"https:\/\/www.tv2000.it\/tg2000\/wp-json\/wp\/v2\/video\/80681","targetHints":{"allow":["GET"]}}],"collection":[{"href":"https:\/\/www.tv2000.it\/tg2000\/wp-json\/wp\/v2\/video"}],"about":[{"href":"https:\/\/www.tv2000.it\/tg2000\/wp-json\/wp\/v2\/types\/video"}],"replies":[{"embeddable":true,"href":"https:\/\/www.tv2000.it\/tg2000\/wp-json\/wp\/v2\/comments?post=80681"}],"wp:featuredmedia":[{"embeddable":true,"href":"https:\/\/www.tv2000.it\/tg2000\/wp-json\/wp\/v2\/media\/80682"}],"wp:attachment":[{"href":"https:\/\/www.tv2000.it\/tg2000\/wp-json\/wp\/v2\/media?parent=80681"}],"wp:term":[{"taxonomy":"post_tag","embeddable":true,"href":"https:\/\/www.tv2000.it\/tg2000\/wp-json\/wp\/v2\/tags?post=80681"}],"curies":[{"name":"wp","href":"https:\/\/api.w.org\/{rel}","templated":true}]}}