{"id":80831,"date":"2021-11-18T20:05:12","date_gmt":"2021-11-18T19:05:12","guid":{"rendered":"http:\/\/www.tv2000.it\/tg2000\/?post_type=video&#038;p=80831"},"modified":"2021-11-18T20:34:36","modified_gmt":"2021-11-18T19:34:36","slug":"quella-donna-sono-io-il-lato-sensibile-di-kekko-nellalbum-dei-moda-buona-fortuna-intervista","status":"publish","type":"video","link":"https:\/\/www.tv2000.it\/tg2000\/video\/quella-donna-sono-io-il-lato-sensibile-di-kekko-nellalbum-dei-moda-buona-fortuna-intervista\/","title":{"rendered":"\u201cQuella donna sono io\u201d: il lato sensibile di Kekko nell\u2019album dei Mod\u00e0 \u201cBuona fortuna\u201d. Intervista"},"content":{"rendered":"<p>\u201cNegli ultimi anni mi sono chiuso un po\u2019, uscivo poco, non mi piaceva stare in mezzo alle persone. Invece la vita \u00e8 fuori, non \u00e8 in casa\u201d. Si racconta con sincerit\u00e0 Kekko Silvestre, in occasione dell\u2019uscita del nuovo album dei Mod\u00e0, dal titolo \u201cBuona fortuna \u2013 Parte prima\u201d. Un titolo benaugurante che segue un periodo buio, complice anche la pandemia. Il singolo che lancia l\u2019album, \u201cComincia lo show\u201d, denuncia il bullismo digitale mentre un\u2019altra traccia, \u201cNon ti mancher\u00e0 mai il mare\u201d, Kekko la dedica a sua figlia invitandola a non compiere i suoi errori. C\u2019\u00e8 spazio anche per l\u2019Alzheimer nella tenerissima \u201cScusa se non lo ricordo pi\u00f9\u201d. \u201cNasce da un\u2019intervista a Lino Banfi che mi \u00e8 capitato di leggere \u2013 racconta Kekko &#8211; e nella quale l\u2019attore raccontava la malattia di sua moglie. Quando la donna chiede a Lino cosa succeder\u00e0 quando lei non ricorder\u00e0 pi\u00f9 niente, lui risponde: vorr\u00e0 dire che ci ripresenteremo di nuovo. Io ci ho trovato tanta tenerezza e tanto romanticismo.\u201d Kekko, il tuo viaggio introspettivo tocca uno dei punti pi\u00f9 alti con la canzone \u201cBuona vita, buona fortuna, buona luna\u201d. La dedichi ad una donna \u201cche raccoglie le stelle come fossero conchiglie\u201d. Di chi si tratta? \u201cQuesta donna \u2013 confessa il cantautore &#8211; sono io. Ho raccontato questa storia attraverso la fragilit\u00e0 di una donna forse perch\u00e9 la mia parte pi\u00f9 fragile \u00e8 quella che scrive le canzoni. All\u2019inizio non lo volevo neanche dire, per\u00f2 alla fine ho capito che non c\u2019\u00e8 niente da vergognarsi. Intervista di Silvio Vitelli<\/p>\n","protected":false},"featured_media":80832,"comment_status":"closed","ping_status":"closed","template":"","tags":[],"class_list":["post-80831","video","type-video","status-publish","has-post-thumbnail","hentry","video_category-news"],"acf":[],"aioseo_notices":[],"url_youtube":"Z4YLSVATRhM","featured_image_url":"https:\/\/i.ytimg.com\/vi\/Z4YLSVATRhM\/mqdefault.jpg","_links":{"self":[{"href":"https:\/\/www.tv2000.it\/tg2000\/wp-json\/wp\/v2\/video\/80831","targetHints":{"allow":["GET"]}}],"collection":[{"href":"https:\/\/www.tv2000.it\/tg2000\/wp-json\/wp\/v2\/video"}],"about":[{"href":"https:\/\/www.tv2000.it\/tg2000\/wp-json\/wp\/v2\/types\/video"}],"replies":[{"embeddable":true,"href":"https:\/\/www.tv2000.it\/tg2000\/wp-json\/wp\/v2\/comments?post=80831"}],"wp:featuredmedia":[{"embeddable":true,"href":"https:\/\/www.tv2000.it\/tg2000\/wp-json\/wp\/v2\/media\/80832"}],"wp:attachment":[{"href":"https:\/\/www.tv2000.it\/tg2000\/wp-json\/wp\/v2\/media?parent=80831"}],"wp:term":[{"taxonomy":"post_tag","embeddable":true,"href":"https:\/\/www.tv2000.it\/tg2000\/wp-json\/wp\/v2\/tags?post=80831"}],"curies":[{"name":"wp","href":"https:\/\/api.w.org\/{rel}","templated":true}]}}