{"id":83681,"date":"2022-02-03T19:29:05","date_gmt":"2022-02-03T18:29:05","guid":{"rendered":"http:\/\/www.tv2000.it\/tg2000\/?post_type=video&#038;p=83681"},"modified":"2022-02-03T19:29:29","modified_gmt":"2022-02-03T18:29:29","slug":"quirinale-giuramento-mattarella-dobbiamo-iniziare-a-costruire-litalia-del-dopo-emergenza","status":"publish","type":"video","link":"https:\/\/www.tv2000.it\/tg2000\/video\/quirinale-giuramento-mattarella-dobbiamo-iniziare-a-costruire-litalia-del-dopo-emergenza\/","title":{"rendered":"Quirinale, giuramento Mattarella: &#8220;Dobbiamo iniziare a costruire l\u2019Italia del dopo emergenza&#8221;"},"content":{"rendered":"<p>&#8220;Dobbiamo disegnare e iniziare a costruire, in questi prossimi anni, l\u2019Italia del dopo emergenza. \u00c8 ancora tempo di un impegno comune per rendere pi\u00f9 forte la nostra Patria, ben oltre le difficolt\u00e0 del momento. Un\u2019Italia pi\u00f9 giusta, pi\u00f9 moderna, intensamente legata ai popoli amici che ci attorniano. Un Paese che cresca in unit\u00e0. In cui le disuguaglianze &#8211; territoriali e sociali &#8211; che attraversano le nostre comunit\u00e0 vengano meno&#8221;. Cos\u00ec il presidente della Repubblica, Sergio Mattarella, nel suo discorso con il quale ha inaugurato il suo nuovo settennato alla guida di tutti gli italiani. Servizio di Augusto Cantelmi<\/p>\n","protected":false},"featured_media":83682,"comment_status":"closed","ping_status":"closed","template":"","tags":[],"class_list":["post-83681","video","type-video","status-publish","has-post-thumbnail","hentry","video_category-attualita","video_category-news"],"acf":[],"aioseo_notices":[],"url_youtube":"6G3r0ODU3NU","featured_image_url":"https:\/\/i.ytimg.com\/vi\/6G3r0ODU3NU\/mqdefault.jpg","_links":{"self":[{"href":"https:\/\/www.tv2000.it\/tg2000\/wp-json\/wp\/v2\/video\/83681","targetHints":{"allow":["GET"]}}],"collection":[{"href":"https:\/\/www.tv2000.it\/tg2000\/wp-json\/wp\/v2\/video"}],"about":[{"href":"https:\/\/www.tv2000.it\/tg2000\/wp-json\/wp\/v2\/types\/video"}],"replies":[{"embeddable":true,"href":"https:\/\/www.tv2000.it\/tg2000\/wp-json\/wp\/v2\/comments?post=83681"}],"wp:featuredmedia":[{"embeddable":true,"href":"https:\/\/www.tv2000.it\/tg2000\/wp-json\/wp\/v2\/media\/83682"}],"wp:attachment":[{"href":"https:\/\/www.tv2000.it\/tg2000\/wp-json\/wp\/v2\/media?parent=83681"}],"wp:term":[{"taxonomy":"post_tag","embeddable":true,"href":"https:\/\/www.tv2000.it\/tg2000\/wp-json\/wp\/v2\/tags?post=83681"}],"curies":[{"name":"wp","href":"https:\/\/api.w.org\/{rel}","templated":true}]}}