{"id":83965,"date":"2022-02-10T19:49:27","date_gmt":"2022-02-10T18:49:27","guid":{"rendered":"http:\/\/www.tv2000.it\/tg2000\/?post_type=video&#038;p=83965"},"modified":"2022-02-10T19:49:40","modified_gmt":"2022-02-10T18:49:40","slug":"giorno-del-ricordo-mattarella-conservare-memoria-e-un-impegno-di-civilta","status":"publish","type":"video","link":"https:\/\/www.tv2000.it\/tg2000\/video\/giorno-del-ricordo-mattarella-conservare-memoria-e-un-impegno-di-civilta\/","title":{"rendered":"Giorno del ricordo, Mattarella: \u201cConservare memoria \u00e8 un impegno di civilt\u00e0&#8221;"},"content":{"rendered":"<p>Conservare la memoria delle foibe \u00e8 un &#8220;impegno di civilt\u00e0. Lo ha dichiarato in una nota il Presidente della Repubblica, Sergio Mattarella, in occasione del Giorno del ricordo, istituito in memoria della tragedia di tutte le vittime delle foibe. Servizio di Caterina dall\u2019Olio<\/p>\n","protected":false},"featured_media":83966,"comment_status":"closed","ping_status":"closed","template":"","tags":[],"class_list":["post-83965","video","type-video","status-publish","has-post-thumbnail","hentry","video_category-news"],"acf":[],"aioseo_notices":[],"url_youtube":"3OPOuh7bL1E","featured_image_url":"https:\/\/i.ytimg.com\/vi\/3OPOuh7bL1E\/mqdefault.jpg","_links":{"self":[{"href":"https:\/\/www.tv2000.it\/tg2000\/wp-json\/wp\/v2\/video\/83965","targetHints":{"allow":["GET"]}}],"collection":[{"href":"https:\/\/www.tv2000.it\/tg2000\/wp-json\/wp\/v2\/video"}],"about":[{"href":"https:\/\/www.tv2000.it\/tg2000\/wp-json\/wp\/v2\/types\/video"}],"replies":[{"embeddable":true,"href":"https:\/\/www.tv2000.it\/tg2000\/wp-json\/wp\/v2\/comments?post=83965"}],"wp:featuredmedia":[{"embeddable":true,"href":"https:\/\/www.tv2000.it\/tg2000\/wp-json\/wp\/v2\/media\/83966"}],"wp:attachment":[{"href":"https:\/\/www.tv2000.it\/tg2000\/wp-json\/wp\/v2\/media?parent=83965"}],"wp:term":[{"taxonomy":"post_tag","embeddable":true,"href":"https:\/\/www.tv2000.it\/tg2000\/wp-json\/wp\/v2\/tags?post=83965"}],"curies":[{"name":"wp","href":"https:\/\/api.w.org\/{rel}","templated":true}]}}